{"id":1043,"date":"2026-03-14T13:55:07","date_gmt":"2026-03-14T12:55:07","guid":{"rendered":"https:\/\/mazery.fr\/?page_id=1043"},"modified":"2026-03-20T18:38:28","modified_gmt":"2026-03-20T17:38:28","slug":"page-cgr","status":"publish","type":"page","link":"https:\/\/mazery.fr\/?page_id=1043","title":{"rendered":"PAGE CGR"},"content":{"rendered":"<p>[et_pb_section fb_built=\u00a0\u00bb1&Prime; admin_label=\u00a0\u00bbPage CGR\u00a0\u00bb _builder_version=\u00a0\u00bb4.27.6&Prime; _module_preset=\u00a0\u00bbdefault\u00a0\u00bb global_colors_info=\u00a0\u00bb{}\u00a0\u00bb][et_pb_row column_structure=\u00a0\u00bb2_5,3_5&Prime; admin_label=\u00a0\u00bbLOGO et Menu\u00a0\u00bb _builder_version=\u00a0\u00bb4.27.6&Prime; _module_preset=\u00a0\u00bbdefault\u00a0\u00bb global_colors_info=\u00a0\u00bb{}\u00a0\u00bb][et_pb_column type=\u00a0\u00bb2_5&Prime; _builder_version=\u00a0\u00bb4.27.6&Prime; _module_preset=\u00a0\u00bbdefault\u00a0\u00bb global_colors_info=\u00a0\u00bb{}\u00a0\u00bb][et_pb_image src=\u00a0\u00bbhttps:\/\/mazery.fr\/wp-content\/uploads\/2026\/03\/Arbre-Stella-OFFICIEL-recadre.webp\u00a0\u00bb title_text=\u00a0\u00bbArbre Stella OFFICIEL recadre\u00a0\u00bb _builder_version=\u00a0\u00bb4.27.6&Prime; _module_preset=\u00a0\u00bbdefault\u00a0\u00bb box_shadow_style=\u00a0\u00bbpreset1&Prime; global_colors_info=\u00a0\u00bb{}\u00a0\u00bb][\/et_pb_image][\/et_pb_column][et_pb_column type=\u00a0\u00bb3_5&Prime; _builder_version=\u00a0\u00bb4.27.6&Prime; _module_preset=\u00a0\u00bbdefault\u00a0\u00bb global_colors_info=\u00a0\u00bb{}\u00a0\u00bb][et_pb_text _builder_version=\u00a0\u00bb4.27.6&Prime; _module_preset=\u00a0\u00bbdefault\u00a0\u00bb global_colors_info=\u00a0\u00bb{}\u00a0\u00bb]MENU[\/et_pb_text][\/et_pb_column][\/et_pb_row][et_pb_row admin_label=\u00a0\u00bbpr\u00e9sentation photo anc\u00eatres au travail\u00a0\u00bb _builder_version=\u00a0\u00bb4.27.6&Prime; _module_preset=\u00a0\u00bbdefault\u00a0\u00bb locked=\u00a0\u00bboff\u00a0\u00bb global_colors_info=\u00a0\u00bb{}\u00a0\u00bb][et_pb_column type=\u00a0\u00bb4_4&Prime; _builder_version=\u00a0\u00bb4.27.6&Prime; _module_preset=\u00a0\u00bbdefault\u00a0\u00bb global_colors_info=\u00a0\u00bb{}\u00a0\u00bb][et_pb_text admin_label=\u00a0\u00bbl\u00e9gende photo\u00a0\u00bb _builder_version=\u00a0\u00bb4.27.6&Prime; _module_preset=\u00a0\u00bbdefault\u00a0\u00bb custom_margin=\u00a0\u00bb||16px||false|false\u00a0\u00bb custom_padding=\u00a0\u00bb||0px||false|false\u00a0\u00bb global_colors_info=\u00a0\u00bb{}\u00a0\u00bb]Photo de nos anc\u00eatres paysans au travail vers 1900[\/et_pb_text][et_pb_image src=\u00a0\u00bbhttps:\/\/mazery.fr\/wp-content\/uploads\/2026\/03\/banniere-01-1.jpg\u00a0\u00bb title_text=\u00a0\u00bbbanniere-01-1&Prime; admin_label=\u00a0\u00bbPhoto labour\u00a0\u00bb _builder_version=\u00a0\u00bb4.27.6&Prime; _module_preset=\u00a0\u00bbdefault\u00a0\u00bb border_radii=\u00a0\u00bbon|16px|16px|16px|16px\u00a0\u00bb border_width_all=\u00a0\u00bb4px\u00a0\u00bb border_color_all=\u00a0\u00bbrgba(12,113,195,0.2)\u00a0\u00bb box_shadow_style=\u00a0\u00bbpreset1&Prime; global_colors_info=\u00a0\u00bb{}\u00a0\u00bb][\/et_pb_image][\/et_pb_column][\/et_pb_row][et_pb_row admin_label=\u00a0\u00bbmot de bienvenue\u00a0\u00bb _builder_version=\u00a0\u00bb4.27.6&Prime; _module_preset=\u00a0\u00bbdefault\u00a0\u00bb locked=\u00a0\u00bboff\u00a0\u00bb global_colors_info=\u00a0\u00bb{}\u00a0\u00bb][et_pb_column type=\u00a0\u00bb4_4&Prime; _builder_version=\u00a0\u00bb4.27.6&Prime; _module_preset=\u00a0\u00bbdefault\u00a0\u00bb global_colors_info=\u00a0\u00bb{}\u00a0\u00bb][et_pb_text admin_label=\u00a0\u00bbTexte du mot de bienvenue\u00a0\u00bb _builder_version=\u00a0\u00bb4.27.6&Prime; _module_preset=\u00a0\u00bbdefault\u00a0\u00bb global_colors_info=\u00a0\u00bb{}\u00a0\u00bb]BIENVENUE AU CERCLE GENEALOGIQUE DE RHUYS<br \/>\nLe CGR compte 125 adh\u00e9rents (mars 2026), chiffre qui progresse r\u00e9guli\u00e8rement de 10% par an.<br \/>\nAlors, rejoignez nous! Nous vous donnerons les bonnes m\u00e9thodes pour faire vos recherches g\u00e9n\u00e9alogiques.[\/et_pb_text][\/et_pb_column][\/et_pb_row][et_pb_row column_structure=\u00a0\u00bb1_2,1_2&Prime; admin_label=\u00a0\u00bbBoutons adh\u00e9sion et +\u00a0\u00bb _builder_version=\u00a0\u00bb4.27.6&Prime; _module_preset=\u00a0\u00bbdefault\u00a0\u00bb global_colors_info=\u00a0\u00bb{}\u00a0\u00bb][et_pb_column type=\u00a0\u00bb1_2&Prime; _builder_version=\u00a0\u00bb4.27.6&Prime; _module_preset=\u00a0\u00bbdefault\u00a0\u00bb global_colors_info=\u00a0\u00bb{}\u00a0\u00bb][et_pb_button button_url=\u00a0\u00bbhttps:\/\/cgrhuys56.org\/index.php\/adherer-au-cgr\/\u00a0\u00bb button_text=\u00a0\u00bbAdh\u00e9rer au CGR\u00a0\u00bb admin_label=\u00a0\u00bbbouton adh\u00e9sion\u00a0\u00bb _builder_version=\u00a0\u00bb4.27.6&Prime; _module_preset=\u00a0\u00bbdefault\u00a0\u00bb global_colors_info=\u00a0\u00bb{}\u00a0\u00bb][\/et_pb_button][\/et_pb_column][et_pb_column type=\u00a0\u00bb1_2&Prime; _builder_version=\u00a0\u00bb4.27.6&Prime; _module_preset=\u00a0\u00bbdefault\u00a0\u00bb global_colors_info=\u00a0\u00bb{}\u00a0\u00bb][et_pb_button button_url=\u00a0\u00bbhttps:\/\/cgrhuys56.org\/index.php\/adherer-au-cgr\/\u00a0\u00bb button_text=\u00a0\u00bbAdh\u00e9rer au CGR\u00a0\u00bb admin_label=\u00a0\u00bbbouton adh\u00e9sion\u00a0\u00bb _builder_version=\u00a0\u00bb4.27.6&Prime; _module_preset=\u00a0\u00bbdefault\u00a0\u00bb global_colors_info=\u00a0\u00bb{}\u00a0\u00bb][\/et_pb_button][\/et_pb_column][\/et_pb_row][et_pb_row admin_label=\u00a0\u00bbACTUALITES\u00a0\u00bb _builder_version=\u00a0\u00bb4.27.6&Prime; _module_preset=\u00a0\u00bbdefault\u00a0\u00bb global_colors_info=\u00a0\u00bb{}\u00a0\u00bb][et_pb_column type=\u00a0\u00bb4_4&Prime; _builder_version=\u00a0\u00bb4.27.6&Prime; _module_preset=\u00a0\u00bbdefault\u00a0\u00bb global_colors_info=\u00a0\u00bb{}\u00a0\u00bb][et_pb_text admin_label=\u00a0\u00bbActualit\u00e9s\u00a0\u00bb _builder_version=\u00a0\u00bb4.27.6&Prime; _module_preset=\u00a0\u00bbdefault\u00a0\u00bb global_colors_info=\u00a0\u00bb{}\u00a0\u00bb]ACTUALITES[\/et_pb_text][\/et_pb_column][\/et_pb_row][et_pb_row column_structure=\u00a0\u00bb1_4,3_4&Prime; admin_label=\u00a0\u00bbsalon cgsb\u00a0\u00bb _builder_version=\u00a0\u00bb4.27.6&Prime; _module_preset=\u00a0\u00bbdefault\u00a0\u00bb global_colors_info=\u00a0\u00bb{}\u00a0\u00bb][et_pb_column type=\u00a0\u00bb1_4&Prime; _builder_version=\u00a0\u00bb4.27.6&Prime; _module_preset=\u00a0\u00bbdefault\u00a0\u00bb global_colors_info=\u00a0\u00bb{}\u00a0\u00bb][et_pb_image src=\u00a0\u00bbhttps:\/\/mazery.fr\/wp-content\/uploads\/2026\/03\/CGSBM_Affiche-40-ans_2026-03-10.webp\u00a0\u00bb title_text=\u00a0\u00bbCGSBM_Affiche 40 ans_2026-03-10&Prime; align=\u00a0\u00bbcenter\u00a0\u00bb _builder_version=\u00a0\u00bb4.27.6&Prime; _module_preset=\u00a0\u00bbdefault\u00a0\u00bb border_radii=\u00a0\u00bbon|16px|16px|16px|16px\u00a0\u00bb border_width_all=\u00a0\u00bb6px\u00a0\u00bb border_color_all=\u00a0\u00bbrgba(12,113,195,0.2)\u00a0\u00bb box_shadow_style=\u00a0\u00bbpreset1&Prime; global_colors_info=\u00a0\u00bb{}\u00a0\u00bb][\/et_pb_image][et_pb_text _builder_version=\u00a0\u00bb4.27.6&Prime; _module_preset=\u00a0\u00bbdefault\u00a0\u00bb text_orientation=\u00a0\u00bbjustified\u00a0\u00bb custom_margin=\u00a0\u00bb10px|16px||0px|false|false\u00a0\u00bb global_colors_info=\u00a0\u00bb{}\u00a0\u00bb]Le CGR sera pr\u00e9sent \u00e0 ce salon et proposera 2 conf\u00e9rences (voir la liste ci-jointe) :<br \/>\nGeorges Layec : Histoire des terre-neuvas<br \/>\nSerge Niel : Bien utiliser le moteur de recherche de Geneanet[\/et_pb_text][\/et_pb_column][et_pb_column type=\u00a0\u00bb3_4&Prime; _builder_version=\u00a0\u00bb4.27.6&Prime; _module_preset=\u00a0\u00bbdefault\u00a0\u00bb global_colors_info=\u00a0\u00bb{}\u00a0\u00bb][et_pb_text admin_label=\u00a0\u00bbTexte des conf\u00e9rences\u00a0\u00bb _builder_version=\u00a0\u00bb4.27.6&Prime; _module_preset=\u00a0\u00bbdefault\u00a0\u00bb custom_margin=\u00a0\u00bb|||10px|false|false\u00a0\u00bb global_colors_info=\u00a0\u00bb{}\u00a0\u00bb]Conf\u00e9rences &#038; ateliers<br \/>\nListe non d\u00e9finitive. Les horaires seront communiqu\u00e9s ult\u00e9rieurement avec le d\u00e9tail du contenu.<br \/>\nL\u2019acc\u00e8s sera gratuit, mais une r\u00e9servation sera n\u00e9cessaire courant avril.<\/p>\n<p>Jean-Michel Andr\u00e9 : Les bases de donn\u00e9es de l&rsquo;ASHDL : La Compagnie des Indes<br \/>\nMarylis Costevec-Le Hay : Parcours de marins dans la guerre d&rsquo;ind\u00e9pendance am\u00e9ricaine<br \/>\nChristian Duic : Le recrutement des marins pour la Royale au fil du temps<br \/>\nIr\u00e8ne Frain : La g\u00e9n\u00e9alogie et la mer<br \/>\nYann Guillerm : Retrouvez vos anc\u00eatres avec Filae.com<br \/>\nV\u00e9ronique Harel : French Lines, les archives de la marine marchande<br \/>\nMarion Humbert : Histoire d\u2019un marin de l\u2019Ile-aux-Moines \u00e0 port\u00e9e de clic<br \/>\nMarc Kermorvant : Mes anc\u00eatres du pays d&rsquo;Auray dans la tourmente r\u00e9volutionnaire<br \/>\nGeorges Layec : Histoire des terre-neuvas<br \/>\nYvonnick Le Coat : Cap Horn au Long cours<br \/>\nPhilippe Le Roscouet : Anc\u00eatres militaires<br \/>\nFran\u00e7ois Lerebourg : Bien enregistrer vos donn\u00e9es dans G\u00e9n\u00e9atique 2026<br \/>\nJean-Claude Leroux : Les fonds \u00e0 caract\u00e8re g\u00e9n\u00e9alogique du Service Historique de la D\u00e9fense<br \/>\nPatricia Machet : G\u00e9n\u00e9alogie 4.0 : l&rsquo;intelligence artificielle au service des g\u00e9n\u00e9alogistes<br \/>\nH\u00e9l\u00e8ne Merdy : La psychog\u00e9n\u00e9alogie : comment mieux comprendre ses racines<br \/>\nMarie-Odile Mergnac : La g\u00e9n\u00e9alogie, un loisir qui vous veut du bien<br \/>\nSerge Niel : Bien utiliser le moteur de recherche de Geneanet<br \/>\nMichel Perrin : Les thoniers<br \/>\nLaurence Porte-Marzin : Paysans-marins de Combrit-Sainte-Marine<br \/>\nNadine Sorin : Un officier des vaisseaux de la Compagnie des Indes et son esclave<br \/>\nAD Morbihan : Faire sa g\u00e9n\u00e9alogie \u00e0 partir du site internet des archives du Morbihan [\/et_pb_text][\/et_pb_column][\/et_pb_row][et_pb_row column_structure=\u00a0\u00bb1_4,3_4&Prime; admin_label=\u00a0\u00bbExpo \u00e9t\u00e9 2026&Prime; _builder_version=\u00a0\u00bb4.27.6&Prime; _module_preset=\u00a0\u00bbdefault\u00a0\u00bb global_colors_info=\u00a0\u00bb{}\u00a0\u00bb][et_pb_column type=\u00a0\u00bb1_4&Prime; _builder_version=\u00a0\u00bb4.27.6&Prime; _module_preset=\u00a0\u00bbdefault\u00a0\u00bb global_colors_info=\u00a0\u00bb{}\u00a0\u00bb][et_pb_image src=\u00a0\u00bbhttps:\/\/mazery.fr\/wp-content\/uploads\/2026\/03\/Affiche-EXpo-CGR-PQRhuys-08-2025.jpg\u00a0\u00bb title_text=\u00a0\u00bbAffiche EXpo CGR PQRhuys 08-2025&Prime; _builder_version=\u00a0\u00bb4.27.6&Prime; _module_preset=\u00a0\u00bbdefault\u00a0\u00bb global_colors_info=\u00a0\u00bb{}\u00a0\u00bb][\/et_pb_image][\/et_pb_column][et_pb_column type=\u00a0\u00bb3_4&Prime; _builder_version=\u00a0\u00bb4.27.6&Prime; _module_preset=\u00a0\u00bbdefault\u00a0\u00bb global_colors_info=\u00a0\u00bb{}\u00a0\u00bb][et_pb_text _builder_version=\u00a0\u00bb4.27.6&Prime; _module_preset=\u00a0\u00bbdefault\u00a0\u00bb custom_margin=\u00a0\u00bb|||10px|false|false\u00a0\u00bb global_colors_info=\u00a0\u00bb{}\u00a0\u00bb]Le CGR organise \u00e0 St Gildas de Rhuys (petite salle Kercaradec) du 14 au 16 ao\u00fbt une exposition ayant pour th\u00e8me \u00ab\u00a0LES PERSONNALITES REMARQABLES DE LA PRESQU&rsquo;\u00ceLE DE RHUYS\u00a0\u00bb<br \/>\nPr\u00e9cisions \u00e0 venir[\/et_pb_text][\/et_pb_column][\/et_pb_row][et_pb_row column_structure=\u00a0\u00bb1_4,1_2,1_4&Prime; admin_label=\u00a0\u00bbFFG et UGBH\u00a0\u00bb _builder_version=\u00a0\u00bb4.27.6&Prime; _module_preset=\u00a0\u00bbdefault\u00a0\u00bb global_colors_info=\u00a0\u00bb{}\u00a0\u00bb][et_pb_column type=\u00a0\u00bb1_4&Prime; _builder_version=\u00a0\u00bb4.27.6&Prime; _module_preset=\u00a0\u00bbdefault\u00a0\u00bb global_colors_info=\u00a0\u00bb{}\u00a0\u00bb][et_pb_text _builder_version=\u00a0\u00bb4.27.6&Prime; _module_preset=\u00a0\u00bbdefault\u00a0\u00bb text_orientation=\u00a0\u00bbjustified\u00a0\u00bb hover_enabled=\u00a0\u00bb0&Prime; global_colors_info=\u00a0\u00bb{}\u00a0\u00bb sticky_enabled=\u00a0\u00bb0&Prime;]<\/p>\n<p>Le CGR est une association f\u00e9d\u00e9r\u00e9e membre de l&rsquo;UGBH (Union G\u00e9n\u00e9alogique de la Bretagne Historique) et de la FFG (F\u00e9d\u00e9ration Fran\u00e7aise de G\u00e9n\u00e9alogie)<\/p>\n<p>[\/et_pb_text][\/et_pb_column][et_pb_column type=\u00a0\u00bb1_2&Prime; _builder_version=\u00a0\u00bb4.27.6&Prime; _module_preset=\u00a0\u00bbdefault\u00a0\u00bb global_colors_info=\u00a0\u00bb{}\u00a0\u00bb][et_pb_image src=\u00a0\u00bbhttps:\/\/mazery.fr\/wp-content\/uploads\/2026\/03\/logo-FFG.jpg\u00a0\u00bb title_text=\u00a0\u00bblogo FFG\u00a0\u00bb url=\u00a0\u00bbhttps:\/\/www.genefede.eu\/\u00a0\u00bb _builder_version=\u00a0\u00bb4.27.6&Prime; _module_preset=\u00a0\u00bbdefault\u00a0\u00bb global_colors_info=\u00a0\u00bb{}\u00a0\u00bb][\/et_pb_image][\/et_pb_column][et_pb_column type=\u00a0\u00bb1_4&Prime; _builder_version=\u00a0\u00bb4.27.6&Prime; _module_preset=\u00a0\u00bbdefault\u00a0\u00bb global_colors_info=\u00a0\u00bb{}\u00a0\u00bb][et_pb_image src=\u00a0\u00bbhttps:\/\/mazery.fr\/wp-content\/uploads\/2026\/03\/ugbh-logo.jpg\u00a0\u00bb title_text=\u00a0\u00bbugbh logo\u00a0\u00bb url=\u00a0\u00bbhttps:\/\/www.genealogie-bretonne-ugbh.fr\/\u00a0\u00bb _builder_version=\u00a0\u00bb4.27.6&Prime; _module_preset=\u00a0\u00bbdefault\u00a0\u00bb global_colors_info=\u00a0\u00bb{}\u00a0\u00bb][\/et_pb_image][\/et_pb_column][\/et_pb_row][\/et_pb_section]<\/p>\n","protected":false},"excerpt":{"rendered":"<p>MENUPhoto de nos anc\u00eatres paysans au travail vers 1900BIENVENUE AU CERCLE GENEALOGIQUE DE RHUYS Le CGR compte 125 adh\u00e9rents (mars 2026), chiffre qui progresse r\u00e9guli\u00e8rement de 10% par an. Alors, rejoignez nous! Nous vous donnerons les bonnes m\u00e9thodes pour faire vos recherches g\u00e9n\u00e9alogiques.ACTUALITESLe CGR sera pr\u00e9sent \u00e0 ce salon et proposera 2 conf\u00e9rences (voir la [&hellip;]<\/p>\n","protected":false},"author":1,"featured_media":0,"parent":0,"menu_order":0,"comment_status":"closed","ping_status":"closed","template":"","meta":{"_et_pb_use_builder":"on","_et_pb_old_content":"","_et_gb_content_width":"","footnotes":""},"class_list":["post-1043","page","type-page","status-publish","hentry"],"_links":{"self":[{"href":"https:\/\/mazery.fr\/index.php?rest_route=\/wp\/v2\/pages\/1043","targetHints":{"allow":["GET"]}}],"collection":[{"href":"https:\/\/mazery.fr\/index.php?rest_route=\/wp\/v2\/pages"}],"about":[{"href":"https:\/\/mazery.fr\/index.php?rest_route=\/wp\/v2\/types\/page"}],"author":[{"embeddable":true,"href":"https:\/\/mazery.fr\/index.php?rest_route=\/wp\/v2\/users\/1"}],"replies":[{"embeddable":true,"href":"https:\/\/mazery.fr\/index.php?rest_route=%2Fwp%2Fv2%2Fcomments&post=1043"}],"version-history":[{"count":77,"href":"https:\/\/mazery.fr\/index.php?rest_route=\/wp\/v2\/pages\/1043\/revisions"}],"predecessor-version":[{"id":1491,"href":"https:\/\/mazery.fr\/index.php?rest_route=\/wp\/v2\/pages\/1043\/revisions\/1491"}],"wp:attachment":[{"href":"https:\/\/mazery.fr\/index.php?rest_route=%2Fwp%2Fv2%2Fmedia&parent=1043"}],"curies":[{"name":"wp","href":"https:\/\/api.w.org\/{rel}","templated":true}]}}